{"id":400,"date":"2023-01-25T22:24:21","date_gmt":"2023-01-25T20:24:21","guid":{"rendered":"https:\/\/winkelsett.de\/?page_id=400"},"modified":"2023-02-07T20:57:58","modified_gmt":"2023-02-07T18:57:58","slug":"daten-zur-gemeinde","status":"publish","type":"page","link":"https:\/\/winkelsett.de\/?page_id=400","title":{"rendered":"Geschichte und Ortsteile"},"content":{"rendered":"\t\t<div data-elementor-type=\"wp-page\" data-elementor-id=\"400\" class=\"elementor elementor-400\">\n\t\t\t\t\t\t<section class=\"elementor-section elementor-top-section elementor-element elementor-element-478eb0a elementor-section-boxed elementor-section-height-default elementor-section-height-default\" data-id=\"478eb0a\" data-element_type=\"section\">\n\t\t\t\t\t\t<div class=\"elementor-container elementor-column-gap-default\">\n\t\t\t\t\t<div class=\"elementor-column elementor-col-100 elementor-top-column elementor-element elementor-element-e27c451\" data-id=\"e27c451\" data-element_type=\"column\">\n\t\t\t<div class=\"elementor-widget-wrap elementor-element-populated\">\n\t\t\t\t\t\t<div class=\"elementor-element elementor-element-1094216 elementor-widget elementor-widget-heading\" data-id=\"1094216\" data-element_type=\"widget\" data-widget_type=\"heading.default\">\n\t\t\t\t<div class=\"elementor-widget-container\">\n\t\t\t\t\t<h2 class=\"elementor-heading-title elementor-size-default\">Geschichte der Gemeinde Winkelsett<\/h2>\t\t\t\t<\/div>\n\t\t\t\t<\/div>\n\t\t\t\t\t<\/div>\n\t\t<\/div>\n\t\t\t\t\t<\/div>\n\t\t<\/section>\n\t\t\t\t<section class=\"elementor-section elementor-top-section elementor-element elementor-element-ec1bfcb elementor-section-boxed elementor-section-height-default elementor-section-height-default\" data-id=\"ec1bfcb\" data-element_type=\"section\">\n\t\t\t\t\t\t<div class=\"elementor-container elementor-column-gap-default\">\n\t\t\t\t\t<div class=\"elementor-column elementor-col-100 elementor-top-column elementor-element elementor-element-4c9c800\" data-id=\"4c9c800\" data-element_type=\"column\">\n\t\t\t<div class=\"elementor-widget-wrap elementor-element-populated\">\n\t\t\t\t\t\t<div class=\"elementor-element elementor-element-5cfc99f elementor-widget elementor-widget-text-editor\" data-id=\"5cfc99f\" data-element_type=\"widget\" data-widget_type=\"text-editor.default\">\n\t\t\t\t<div class=\"elementor-widget-container\">\n\t\t\t\t\t\t\t\t\t<p>Nach BOCK (2016) sind die Gemarkungen bereits in vorgeschichtlicher Zeit besiedelt worden, darauf deuten die h\u00e4ufigen H\u00fcgelgr\u00e4ber hin, wobei daraus nicht auf eine Siedlungskontinuit\u00e4t geschlossen werden kann.<\/p><p>Andere Orte stammen aus dem alts\u00e4chsischen Siedlungsperioden. In etlichen F\u00e4llen haben sich aus Einzelh\u00f6fen im Laufe der Zeit, vor allem w\u00e4hrend der fr\u00fchmittelalterlichen Rodungskolonisation, Streusiedlungen oder Weiler entwickelt.\u00a0<\/p><p>Wieder andere Siedlungen sind Gr\u00fcndungen der Fr\u00fchen Neuzeit. Die W\u00fcstungen entstanden im Sp\u00e4tmittelalter; sie waren nicht kriegsbedingt, sondern die Orte sind als Folge des Bev\u00f6lkerungsr\u00fcckgangs und der Agrardepression w\u00fcst gefallen. Es gab darunter auch Ortschaften\/Pl\u00e4tze, die nur vor\u00fcbergehend w\u00fcst fielen und dann wieder besiedelt wurden.\u00a0<\/p><p>Im Folgenden soll kurz die Entstehung der einzelnen Ortsteile der Gemeinde Winkelsett dargestellt werden.<\/p>\t\t\t\t\t\t\t\t<\/div>\n\t\t\t\t<\/div>\n\t\t\t\t\t<\/div>\n\t\t<\/div>\n\t\t\t\t\t<\/div>\n\t\t<\/section>\n\t\t\t\t<section class=\"elementor-section elementor-top-section elementor-element elementor-element-57d0852 elementor-section-boxed elementor-section-height-default elementor-section-height-default\" data-id=\"57d0852\" data-element_type=\"section\">\n\t\t\t\t\t\t<div class=\"elementor-container elementor-column-gap-default\">\n\t\t\t\t\t<div class=\"elementor-column elementor-col-100 elementor-top-column elementor-element elementor-element-caef4f5\" data-id=\"caef4f5\" data-element_type=\"column\">\n\t\t\t<div class=\"elementor-widget-wrap elementor-element-populated\">\n\t\t\t\t\t\t<div class=\"elementor-element elementor-element-cdcba2a elementor-widget elementor-widget-heading\" data-id=\"cdcba2a\" data-element_type=\"widget\" data-widget_type=\"heading.default\">\n\t\t\t\t<div class=\"elementor-widget-container\">\n\t\t\t\t\t<h2 class=\"elementor-heading-title elementor-size-default\">Ortsteil Barjenbruch<\/h2>\t\t\t\t<\/div>\n\t\t\t\t<\/div>\n\t\t\t\t\t<\/div>\n\t\t<\/div>\n\t\t\t\t\t<\/div>\n\t\t<\/section>\n\t\t\t\t<section class=\"elementor-section elementor-top-section elementor-element elementor-element-5f9d342 elementor-section-boxed elementor-section-height-default elementor-section-height-default\" data-id=\"5f9d342\" data-element_type=\"section\">\n\t\t\t\t\t\t<div class=\"elementor-container elementor-column-gap-default\">\n\t\t\t\t\t<div class=\"elementor-column elementor-col-100 elementor-top-column elementor-element elementor-element-dbed2d8\" data-id=\"dbed2d8\" data-element_type=\"column\">\n\t\t\t<div class=\"elementor-widget-wrap elementor-element-populated\">\n\t\t\t\t\t\t<div class=\"elementor-element elementor-element-00fa530 elementor-widget elementor-widget-text-editor\" data-id=\"00fa530\" data-element_type=\"widget\" data-widget_type=\"text-editor.default\">\n\t\t\t\t<div class=\"elementor-widget-container\">\n\t\t\t\t\t\t\t\t\t<p>Als Eigenname im 17. Jahrhundert im Amt Harpstedt vielfach vertreten. Wahrscheinlich hat es in der Flur Barjenbruch im 16. Jahrhundert zwei Hofstellen gegeben.\u00a0<\/p><p>In der Steuerliste von 1534 sind unter \u201eUp dem Woelde\u201c ein \u201eBargenbroick\u201c und \u201eRoleff ibid(em) vermerkt. Auch in sp\u00e4teren Steuerlisten des 17. Jahrhunderts findet sich unter \u201eWoltleute\u201c, \u201eWohltleutte\u201c, \u201eWoltleuthe\u201c Namen die auf Einzelh\u00f6fe in Barjenbruch und Harjehausen schlie\u00dfen lassen.<\/p><p>\u00a0Die Ortschaft Wohlde selbst wird nicht erw\u00e4hnt, sondern mit den genannten Einzelh\u00f6fen als \u201eWoltleute\u201c zusammengefasst.\u00a0<\/p><p>Dirk Heile nimmt an, dass Barjenbruch aus dem w\u00fcst gefallenen Wolbrechtinghusen entstanden ist.\u00a0<\/p>\t\t\t\t\t\t\t\t<\/div>\n\t\t\t\t<\/div>\n\t\t\t\t<div class=\"elementor-element elementor-element-48bbfcf elementor-widget elementor-widget-heading\" data-id=\"48bbfcf\" data-element_type=\"widget\" data-widget_type=\"heading.default\">\n\t\t\t\t<div class=\"elementor-widget-container\">\n\t\t\t\t\t<h2 class=\"elementor-heading-title elementor-size-default\">Ortsteil Hackfeld<\/h2>\t\t\t\t<\/div>\n\t\t\t\t<\/div>\n\t\t\t\t<div class=\"elementor-element elementor-element-7f8cc4c elementor-widget elementor-widget-text-editor\" data-id=\"7f8cc4c\" data-element_type=\"widget\" data-widget_type=\"text-editor.default\">\n\t\t\t\t<div class=\"elementor-widget-container\">\n\t\t\t\t\t\t\t\t\t<p>Der Ortsteil wurde erstmalig um 1260 als \u201eHacvelde\u201c um um 1270 als \u201e Hacvelde iuxsta Wildesh\u201c bezeichnet. Die Namensdeutung nach Lutosch: Der Ortsname leitet sich wahrscheinlich von der Hackwirtschaft ab.<\/p>\t\t\t\t\t\t\t\t<\/div>\n\t\t\t\t<\/div>\n\t\t\t\t\t<\/div>\n\t\t<\/div>\n\t\t\t\t\t<\/div>\n\t\t<\/section>\n\t\t\t\t<section class=\"elementor-section elementor-top-section elementor-element elementor-element-8bb0baa elementor-section-boxed elementor-section-height-default elementor-section-height-default\" data-id=\"8bb0baa\" data-element_type=\"section\">\n\t\t\t\t\t\t<div class=\"elementor-container elementor-column-gap-default\">\n\t\t\t\t\t<div class=\"elementor-column elementor-col-100 elementor-top-column elementor-element elementor-element-a983ff6\" data-id=\"a983ff6\" data-element_type=\"column\">\n\t\t\t<div class=\"elementor-widget-wrap elementor-element-populated\">\n\t\t\t\t\t\t<div class=\"elementor-element elementor-element-7e11f6b elementor-widget elementor-widget-heading\" data-id=\"7e11f6b\" data-element_type=\"widget\" data-widget_type=\"heading.default\">\n\t\t\t\t<div class=\"elementor-widget-container\">\n\t\t\t\t\t<h2 class=\"elementor-heading-title elementor-size-default\">Ortsteil Harjehausen<\/h2>\t\t\t\t<\/div>\n\t\t\t\t<\/div>\n\t\t\t\t\t<\/div>\n\t\t<\/div>\n\t\t\t\t\t<\/div>\n\t\t<\/section>\n\t\t\t\t<section class=\"elementor-section elementor-top-section elementor-element elementor-element-e69d341 elementor-section-boxed elementor-section-height-default elementor-section-height-default\" data-id=\"e69d341\" data-element_type=\"section\">\n\t\t\t\t\t\t<div class=\"elementor-container elementor-column-gap-default\">\n\t\t\t\t\t<div class=\"elementor-column elementor-col-100 elementor-top-column elementor-element elementor-element-b9cb130\" data-id=\"b9cb130\" data-element_type=\"column\">\n\t\t\t<div class=\"elementor-widget-wrap elementor-element-populated\">\n\t\t\t\t\t\t<div class=\"elementor-element elementor-element-981a418 elementor-widget elementor-widget-text-editor\" data-id=\"981a418\" data-element_type=\"widget\" data-widget_type=\"text-editor.default\">\n\t\t\t\t<div class=\"elementor-widget-container\">\n\t\t\t\t\t\t\t\t\t<p>Die wahrscheinlich aus einem Einzelhof aus der zweiten alts\u00e4chsischen Siedlungsperiode (vor dem 9. Jahrhundert) entstandene Siedlung wird erstmalig um 1400 in den Hoyer Lehnsregistern als \u201eHeringehusen\u201c erw\u00e4hnt.\u00a0<\/p><p>In den Steuerlisten des 16. und 17. Jahrhundert sind die Bewohner wie die von Barjenbruch meistens als \u201e Woltleute\u201c zusammengefasst. Namensdeutung nach Lutosch: Der Ortsname leitet sich wahrscheinlich von dem Eigennamen Harro ab.<\/p>\t\t\t\t\t\t\t\t<\/div>\n\t\t\t\t<\/div>\n\t\t\t\t\t<\/div>\n\t\t<\/div>\n\t\t\t\t\t<\/div>\n\t\t<\/section>\n\t\t\t\t<section class=\"elementor-section elementor-top-section elementor-element elementor-element-7cca61c elementor-section-boxed elementor-section-height-default elementor-section-height-default\" data-id=\"7cca61c\" data-element_type=\"section\">\n\t\t\t\t\t\t<div class=\"elementor-container elementor-column-gap-default\">\n\t\t\t\t\t<div class=\"elementor-column elementor-col-100 elementor-top-column elementor-element elementor-element-fbe61ee\" data-id=\"fbe61ee\" data-element_type=\"column\">\n\t\t\t<div class=\"elementor-widget-wrap elementor-element-populated\">\n\t\t\t\t\t\t<div class=\"elementor-element elementor-element-2263bf4 elementor-widget elementor-widget-heading\" data-id=\"2263bf4\" data-element_type=\"widget\" data-widget_type=\"heading.default\">\n\t\t\t\t<div class=\"elementor-widget-container\">\n\t\t\t\t\t<h2 class=\"elementor-heading-title elementor-size-default\">Ortsteil H\u00f6lingen<\/h2>\t\t\t\t<\/div>\n\t\t\t\t<\/div>\n\t\t\t\t\t<\/div>\n\t\t<\/div>\n\t\t\t\t\t<\/div>\n\t\t<\/section>\n\t\t\t\t<section class=\"elementor-section elementor-top-section elementor-element elementor-element-0ab44de elementor-section-boxed elementor-section-height-default elementor-section-height-default\" data-id=\"0ab44de\" data-element_type=\"section\">\n\t\t\t\t\t\t<div class=\"elementor-container elementor-column-gap-default\">\n\t\t\t\t\t<div class=\"elementor-column elementor-col-100 elementor-top-column elementor-element elementor-element-52aadcf\" data-id=\"52aadcf\" data-element_type=\"column\">\n\t\t\t<div class=\"elementor-widget-wrap elementor-element-populated\">\n\t\t\t\t\t\t<div class=\"elementor-element elementor-element-6ac3706 elementor-widget elementor-widget-text-editor\" data-id=\"6ac3706\" data-element_type=\"widget\" data-widget_type=\"text-editor.default\">\n\t\t\t\t<div class=\"elementor-widget-container\">\n\t\t\t\t\t\t\t\t\t<p>Der Ort H\u00f6lingen wurde als Personennamen von Johannes de Holinge und Meinricus de Holinge erstmals in einer Urkunde um 1260 genannt.\u00a0<\/p><p>Der vorgeschichtliche Siedlungsplatz selbst wird vor 1346 erstmalig als Ort \u201eHolinghen\u201c erw\u00e4hnt. Namensdeutung nach Lutosch ist unklar vielleicht aus dem mittelniederdeutschen hol= Engpass, Zufluchtsort.<\/p>\t\t\t\t\t\t\t\t<\/div>\n\t\t\t\t<\/div>\n\t\t\t\t\t<\/div>\n\t\t<\/div>\n\t\t\t\t\t<\/div>\n\t\t<\/section>\n\t\t\t\t<section class=\"elementor-section elementor-top-section elementor-element elementor-element-2d88155 elementor-section-boxed elementor-section-height-default elementor-section-height-default\" data-id=\"2d88155\" data-element_type=\"section\">\n\t\t\t\t\t\t<div class=\"elementor-container elementor-column-gap-default\">\n\t\t\t\t\t<div class=\"elementor-column elementor-col-100 elementor-top-column elementor-element elementor-element-553f716\" data-id=\"553f716\" data-element_type=\"column\">\n\t\t\t<div class=\"elementor-widget-wrap elementor-element-populated\">\n\t\t\t\t\t\t<div class=\"elementor-element elementor-element-7b395c0 elementor-widget elementor-widget-heading\" data-id=\"7b395c0\" data-element_type=\"widget\" data-widget_type=\"heading.default\">\n\t\t\t\t<div class=\"elementor-widget-container\">\n\t\t\t\t\t<h2 class=\"elementor-heading-title elementor-size-default\">Ortsteil Kellinghausen<\/h2>\t\t\t\t<\/div>\n\t\t\t\t<\/div>\n\t\t\t\t\t<\/div>\n\t\t<\/div>\n\t\t\t\t\t<\/div>\n\t\t<\/section>\n\t\t\t\t<section class=\"elementor-section elementor-top-section elementor-element elementor-element-9f1b6f3 elementor-section-boxed elementor-section-height-default elementor-section-height-default\" data-id=\"9f1b6f3\" data-element_type=\"section\">\n\t\t\t\t\t\t<div class=\"elementor-container elementor-column-gap-default\">\n\t\t\t\t\t<div class=\"elementor-column elementor-col-100 elementor-top-column elementor-element elementor-element-52be9f4\" data-id=\"52be9f4\" data-element_type=\"column\">\n\t\t\t<div class=\"elementor-widget-wrap elementor-element-populated\">\n\t\t\t\t\t\t<div class=\"elementor-element elementor-element-6638615 elementor-widget elementor-widget-text-editor\" data-id=\"6638615\" data-element_type=\"widget\" data-widget_type=\"text-editor.default\">\n\t\t\t\t<div class=\"elementor-widget-container\">\n\t\t\t\t\t\t\t\t\t<p>Ein Bruno de Kelenchusen erscheint als Zeuge in einer Urkunde des Grafen von Tecklenburg aus dem Jahr 1225.\u00a0<\/p><p>Dies ist die fr\u00fcheste bekannte Nennung ds\u00a0 Ortes. Die wahrscheinlich aus einem Einzelhof aus der zweiten alts\u00e4chsischen Siedlungsperiode (vor dem 9. Jahrhundert) entstandene Siedlung wird erstmalig um 1260-1270 im Lehnregister der Oldenburger Grafen: \u201eBurn van Kellinghusen und sin sone hebben von uns den hof to Kellinghusen [\u2026]\u201c erw\u00e4hnt. Namensdeutung nach Lutosch: Siedlung eines freien Mannes.<\/p>\t\t\t\t\t\t\t\t<\/div>\n\t\t\t\t<\/div>\n\t\t\t\t\t<\/div>\n\t\t<\/div>\n\t\t\t\t\t<\/div>\n\t\t<\/section>\n\t\t\t\t<section class=\"elementor-section elementor-top-section elementor-element elementor-element-8419ae8 elementor-section-boxed elementor-section-height-default elementor-section-height-default\" data-id=\"8419ae8\" data-element_type=\"section\">\n\t\t\t\t\t\t<div class=\"elementor-container elementor-column-gap-default\">\n\t\t\t\t\t<div class=\"elementor-column elementor-col-100 elementor-top-column elementor-element elementor-element-3301b76\" data-id=\"3301b76\" data-element_type=\"column\">\n\t\t\t<div class=\"elementor-widget-wrap elementor-element-populated\">\n\t\t\t\t\t\t<div class=\"elementor-element elementor-element-7e041b9 elementor-widget elementor-widget-heading\" data-id=\"7e041b9\" data-element_type=\"widget\" data-widget_type=\"heading.default\">\n\t\t\t\t<div class=\"elementor-widget-container\">\n\t\t\t\t\t<h2 class=\"elementor-heading-title elementor-size-default\">Ortsteil Kieselhorst<\/h2>\t\t\t\t<\/div>\n\t\t\t\t<\/div>\n\t\t\t\t\t<\/div>\n\t\t<\/div>\n\t\t\t\t\t<\/div>\n\t\t<\/section>\n\t\t\t\t<section class=\"elementor-section elementor-top-section elementor-element elementor-element-e1f4b14 elementor-section-boxed elementor-section-height-default elementor-section-height-default\" data-id=\"e1f4b14\" data-element_type=\"section\">\n\t\t\t\t\t\t<div class=\"elementor-container elementor-column-gap-default\">\n\t\t\t\t\t<div class=\"elementor-column elementor-col-100 elementor-top-column elementor-element elementor-element-d796184\" data-id=\"d796184\" data-element_type=\"column\">\n\t\t\t<div class=\"elementor-widget-wrap elementor-element-populated\">\n\t\t\t\t\t\t<div class=\"elementor-element elementor-element-99fcff5 elementor-widget elementor-widget-text-editor\" data-id=\"99fcff5\" data-element_type=\"widget\" data-widget_type=\"text-editor.default\">\n\t\t\t\t<div class=\"elementor-widget-container\">\n\t\t\t\t\t\t\t\t\t<p>Ein Lvdolfus de gislehor\u00dft wird 1213 als Zeuge in einer Urkunde der \u00c4btissin Beatrix zu Bassum genannt.\u00a0<\/p><p>Die Siedlung wurde in den Hoyer Lehnsregister von vor 1346 als \u201eKyselhorst\u201c. Namensdeutung nach Lutosch: Gisle\/Kisle wahrscheinlich Abk\u00fcrzung von Gisel\/Kisle wahrscheinlich Abk\u00fcrzungen von Giselher\/Giselbert, horst= mittelhochdeutsch f\u00fcr Gestr\u00fcpp, Kr\u00fcppelholz.<\/p>\t\t\t\t\t\t\t\t<\/div>\n\t\t\t\t<\/div>\n\t\t\t\t\t<\/div>\n\t\t<\/div>\n\t\t\t\t\t<\/div>\n\t\t<\/section>\n\t\t\t\t<section class=\"elementor-section elementor-top-section elementor-element elementor-element-8cfc5a7 elementor-section-boxed elementor-section-height-default elementor-section-height-default\" data-id=\"8cfc5a7\" data-element_type=\"section\">\n\t\t\t\t\t\t<div class=\"elementor-container elementor-column-gap-default\">\n\t\t\t\t\t<div class=\"elementor-column elementor-col-100 elementor-top-column elementor-element elementor-element-05b5820\" data-id=\"05b5820\" data-element_type=\"column\">\n\t\t\t<div class=\"elementor-widget-wrap elementor-element-populated\">\n\t\t\t\t\t\t<div class=\"elementor-element elementor-element-573d5fb elementor-widget elementor-widget-heading\" data-id=\"573d5fb\" data-element_type=\"widget\" data-widget_type=\"heading.default\">\n\t\t\t\t<div class=\"elementor-widget-container\">\n\t\t\t\t\t<h2 class=\"elementor-heading-title elementor-size-default\">Ortsteil Mahlstedt<\/h2>\t\t\t\t<\/div>\n\t\t\t\t<\/div>\n\t\t\t\t\t<\/div>\n\t\t<\/div>\n\t\t\t\t\t<\/div>\n\t\t<\/section>\n\t\t\t\t<section class=\"elementor-section elementor-top-section elementor-element elementor-element-0fbb354 elementor-section-boxed elementor-section-height-default elementor-section-height-default\" data-id=\"0fbb354\" data-element_type=\"section\">\n\t\t\t\t\t\t<div class=\"elementor-container elementor-column-gap-default\">\n\t\t\t\t\t<div class=\"elementor-column elementor-col-100 elementor-top-column elementor-element elementor-element-5dbc1c3\" data-id=\"5dbc1c3\" data-element_type=\"column\">\n\t\t\t<div class=\"elementor-widget-wrap elementor-element-populated\">\n\t\t\t\t\t\t<div class=\"elementor-element elementor-element-1fb34e9 elementor-widget elementor-widget-text-editor\" data-id=\"1fb34e9\" data-element_type=\"widget\" data-widget_type=\"text-editor.default\">\n\t\t\t\t<div class=\"elementor-widget-container\">\n\t\t\t\t\t\t\t\t\t<p>Der vorgeschichliche Siedlungsplatz wird \u201edomus Malenstede\u201c erstmalig in einer Urkunde des Bischof Gerhard von Osnabr\u00fcck 1194 erw\u00e4hnt und 1223 als \u201eMalstede\u201c in einer Urkunde Papst Honorius III. besonders hervorgehoben, mit der er das Stift Wildeshausen samt dessen Besitzungen unter seinen Schutz stellt.\u00a0<\/p><p>Namensdeutung nach Lutosch: mittelniederdeutsch mal vom alts\u00e4chsischen mahal= Gerichtsst\u00e4tte. Der Name l\u00e4sst auf eine alte Thingst\u00e4tte schlie\u00dfen.<\/p>\t\t\t\t\t\t\t\t<\/div>\n\t\t\t\t<\/div>\n\t\t\t\t\t<\/div>\n\t\t<\/div>\n\t\t\t\t\t<\/div>\n\t\t<\/section>\n\t\t\t\t<section class=\"elementor-section elementor-top-section elementor-element elementor-element-7bf3095 elementor-section-boxed elementor-section-height-default elementor-section-height-default\" data-id=\"7bf3095\" data-element_type=\"section\">\n\t\t\t\t\t\t<div class=\"elementor-container elementor-column-gap-default\">\n\t\t\t\t\t<div class=\"elementor-column elementor-col-100 elementor-top-column elementor-element elementor-element-5c8fd17\" data-id=\"5c8fd17\" data-element_type=\"column\">\n\t\t\t<div class=\"elementor-widget-wrap elementor-element-populated\">\n\t\t\t\t\t\t<div class=\"elementor-element elementor-element-a807d31 elementor-widget elementor-widget-heading\" data-id=\"a807d31\" data-element_type=\"widget\" data-widget_type=\"heading.default\">\n\t\t\t\t<div class=\"elementor-widget-container\">\n\t\t\t\t\t<h2 class=\"elementor-heading-title elementor-size-default\">Ortsteil Reckum<\/h2>\t\t\t\t<\/div>\n\t\t\t\t<\/div>\n\t\t\t\t\t<\/div>\n\t\t<\/div>\n\t\t\t\t\t<\/div>\n\t\t<\/section>\n\t\t\t\t<section class=\"elementor-section elementor-top-section elementor-element elementor-element-b8216c6 elementor-section-boxed elementor-section-height-default elementor-section-height-default\" data-id=\"b8216c6\" data-element_type=\"section\">\n\t\t\t\t\t\t<div class=\"elementor-container elementor-column-gap-default\">\n\t\t\t\t\t<div class=\"elementor-column elementor-col-100 elementor-top-column elementor-element elementor-element-cd7d423\" data-id=\"cd7d423\" data-element_type=\"column\">\n\t\t\t<div class=\"elementor-widget-wrap elementor-element-populated\">\n\t\t\t\t\t\t<div class=\"elementor-element elementor-element-e29d332 elementor-widget elementor-widget-text-editor\" data-id=\"e29d332\" data-element_type=\"widget\" data-widget_type=\"text-editor.default\">\n\t\t\t\t<div class=\"elementor-widget-container\">\n\t\t\t\t\t\t\t\t\t<p>Ebenfalls ein vorgeschichtlicher Siedlungsort (Gro\u00dfsteingr\u00e4ber), wurde als Ort in einer Urkunde aus der Zeit um 1260 als \u201eReken\u201c bezeichnet.\u00a0<\/p><p>In der gleichen Urkunde wird auch ein Borchardus de Reken genannt.\u00a0 Namensdeutung nach Lutosch: mittelniederdeutsch reke=die im freien Feld sich hinziehende lebendige (Dorn-)Hecke=Wohnst\u00e4tte an der Hecke.<\/p>\t\t\t\t\t\t\t\t<\/div>\n\t\t\t\t<\/div>\n\t\t\t\t\t<\/div>\n\t\t<\/div>\n\t\t\t\t\t<\/div>\n\t\t<\/section>\n\t\t\t\t<section class=\"elementor-section elementor-top-section elementor-element elementor-element-9ddc7f2 elementor-section-boxed elementor-section-height-default elementor-section-height-default\" data-id=\"9ddc7f2\" data-element_type=\"section\">\n\t\t\t\t\t\t<div class=\"elementor-container elementor-column-gap-default\">\n\t\t\t\t\t<div class=\"elementor-column elementor-col-100 elementor-top-column elementor-element elementor-element-6c74b43\" data-id=\"6c74b43\" data-element_type=\"column\">\n\t\t\t<div class=\"elementor-widget-wrap elementor-element-populated\">\n\t\t\t\t\t\t<div class=\"elementor-element elementor-element-58aea95 elementor-widget elementor-widget-heading\" data-id=\"58aea95\" data-element_type=\"widget\" data-widget_type=\"heading.default\">\n\t\t\t\t<div class=\"elementor-widget-container\">\n\t\t\t\t\t<h2 class=\"elementor-heading-title elementor-size-default\">Ortsteil R\u00fcdebusch<\/h2>\t\t\t\t<\/div>\n\t\t\t\t<\/div>\n\t\t\t\t\t<\/div>\n\t\t<\/div>\n\t\t\t\t\t<\/div>\n\t\t<\/section>\n\t\t\t\t<section class=\"elementor-section elementor-top-section elementor-element elementor-element-5b03efc elementor-section-boxed elementor-section-height-default elementor-section-height-default\" data-id=\"5b03efc\" data-element_type=\"section\">\n\t\t\t\t\t\t<div class=\"elementor-container elementor-column-gap-default\">\n\t\t\t\t\t<div class=\"elementor-column elementor-col-100 elementor-top-column elementor-element elementor-element-462c295\" data-id=\"462c295\" data-element_type=\"column\">\n\t\t\t<div class=\"elementor-widget-wrap elementor-element-populated\">\n\t\t\t\t\t\t<div class=\"elementor-element elementor-element-8e8bdf2 elementor-widget elementor-widget-text-editor\" data-id=\"8e8bdf2\" data-element_type=\"widget\" data-widget_type=\"text-editor.default\">\n\t\t\t\t<div class=\"elementor-widget-container\">\n\t\t\t\t\t\t\t\t\t<p>Um 1370 wir in der Hoyer Lehnsregistern \u201een hus tom Rudebusche\u201c erw\u00e4hnt.\u00a0\u00a0<\/p><p>Der Einzelhof wird in den Steuerlisten des 17. Jahrhunderts unter Reckum\u00a0 gef\u00fchrt.\u00a0Die Herkunft des Namens konnte Lutosch nicht kl\u00e4ren.<\/p>\t\t\t\t\t\t\t\t<\/div>\n\t\t\t\t<\/div>\n\t\t\t\t\t<\/div>\n\t\t<\/div>\n\t\t\t\t\t<\/div>\n\t\t<\/section>\n\t\t\t\t<section class=\"elementor-section elementor-top-section elementor-element elementor-element-d5a6320 elementor-section-boxed elementor-section-height-default elementor-section-height-default\" data-id=\"d5a6320\" data-element_type=\"section\">\n\t\t\t\t\t\t<div class=\"elementor-container elementor-column-gap-default\">\n\t\t\t\t\t<div class=\"elementor-column elementor-col-100 elementor-top-column elementor-element elementor-element-457df62\" data-id=\"457df62\" data-element_type=\"column\">\n\t\t\t<div class=\"elementor-widget-wrap elementor-element-populated\">\n\t\t\t\t\t\t<div class=\"elementor-element elementor-element-fc695cd elementor-widget elementor-widget-heading\" data-id=\"fc695cd\" data-element_type=\"widget\" data-widget_type=\"heading.default\">\n\t\t\t\t<div class=\"elementor-widget-container\">\n\t\t\t\t\t<h2 class=\"elementor-heading-title elementor-size-default\">Ortsteil Spradau<\/h2>\t\t\t\t<\/div>\n\t\t\t\t<\/div>\n\t\t\t\t\t<\/div>\n\t\t<\/div>\n\t\t\t\t\t<\/div>\n\t\t<\/section>\n\t\t\t\t<section class=\"elementor-section elementor-top-section elementor-element elementor-element-ddb5c4f elementor-section-boxed elementor-section-height-default elementor-section-height-default\" data-id=\"ddb5c4f\" data-element_type=\"section\">\n\t\t\t\t\t\t<div class=\"elementor-container elementor-column-gap-default\">\n\t\t\t\t\t<div class=\"elementor-column elementor-col-100 elementor-top-column elementor-element elementor-element-6d60f87\" data-id=\"6d60f87\" data-element_type=\"column\">\n\t\t\t<div class=\"elementor-widget-wrap elementor-element-populated\">\n\t\t\t\t\t\t<div class=\"elementor-element elementor-element-0cc6a57 elementor-widget elementor-widget-text-editor\" data-id=\"0cc6a57\" data-element_type=\"widget\" data-widget_type=\"text-editor.default\">\n\t\t\t\t<div class=\"elementor-widget-container\">\n\t\t\t\t\t\t\t\t\t<p>Der Ort wurde 1321 erstmals als \u201eSpredove\u201c urkundlich genannt. In den Hoyer Lehnsregistern von vor 1346 wird die Siedlung als \u201eSpradowe\u201c angef\u00fchrt.\u00a0<\/p><p>Sie muss kurz nach ihrer Ersterw\u00e4hnung bereits w\u00fcst gefallen sein, dies allerdings nicht dauerhaft, denn der Meierhof war bereits ab ca. 1375 wieder bewirtschaftet worden.\u00a0<\/p><p>Ab 1534 l\u00e4sst sich ein Geschlecht Spille auf dem Hof nachweisen. Namensdeutung nach Lutosch: mittelniederdeutsch spreden = sich ausdehnen, Ort bei einer ausgedehnten Aue (der Katenb\u00e4ke)<\/p>\t\t\t\t\t\t\t\t<\/div>\n\t\t\t\t<\/div>\n\t\t\t\t\t<\/div>\n\t\t<\/div>\n\t\t\t\t\t<\/div>\n\t\t<\/section>\n\t\t\t\t<section class=\"elementor-section elementor-top-section elementor-element elementor-element-ce622b7 elementor-section-boxed elementor-section-height-default elementor-section-height-default\" data-id=\"ce622b7\" data-element_type=\"section\">\n\t\t\t\t\t\t<div class=\"elementor-container elementor-column-gap-default\">\n\t\t\t\t\t<div class=\"elementor-column elementor-col-100 elementor-top-column elementor-element elementor-element-5647fea\" data-id=\"5647fea\" data-element_type=\"column\">\n\t\t\t<div class=\"elementor-widget-wrap elementor-element-populated\">\n\t\t\t\t\t\t<div class=\"elementor-element elementor-element-17af211 elementor-widget elementor-widget-heading\" data-id=\"17af211\" data-element_type=\"widget\" data-widget_type=\"heading.default\">\n\t\t\t\t<div class=\"elementor-widget-container\">\n\t\t\t\t\t<h2 class=\"elementor-heading-title elementor-size-default\">Ortsteil Winkelsett<\/h2>\t\t\t\t<\/div>\n\t\t\t\t<\/div>\n\t\t\t\t\t<\/div>\n\t\t<\/div>\n\t\t\t\t\t<\/div>\n\t\t<\/section>\n\t\t\t\t<section class=\"elementor-section elementor-top-section elementor-element elementor-element-d28dcd1 elementor-section-boxed elementor-section-height-default elementor-section-height-default\" data-id=\"d28dcd1\" data-element_type=\"section\">\n\t\t\t\t\t\t<div class=\"elementor-container elementor-column-gap-default\">\n\t\t\t\t\t<div class=\"elementor-column elementor-col-100 elementor-top-column elementor-element elementor-element-ec750f7\" data-id=\"ec750f7\" data-element_type=\"column\">\n\t\t\t<div class=\"elementor-widget-wrap elementor-element-populated\">\n\t\t\t\t\t\t<div class=\"elementor-element elementor-element-256f183 elementor-widget elementor-widget-text-editor\" data-id=\"256f183\" data-element_type=\"widget\" data-widget_type=\"text-editor.default\">\n\t\t\t\t<div class=\"elementor-widget-container\">\n\t\t\t\t\t\t\t\t\t<p>Ein Ministerialer des Bischofs Arnold von Osnabr\u00fcck namens Everhardo de Winkelsete erscheint 1175 als Zeuge in einer Urkunde, 1186 als Everhardus de Winkelset und 1188 als Everhart de Winkilsethen.\u00a0<\/p><p>Der Ort an sich wird in den Hoyer Lehnsregistern von vor 1346 als \u201eWynkelsede\u201c angef\u00fchrt, und dort auch um 1365 als \u201eWinckelsettern\u201c Namensdeutung nach Lutosch: Wohnsitz im Winkel= Lage in einem von zwei Seiten abgeschlossenen und nach der dritten Seite offenen Raum.<\/p>\t\t\t\t\t\t\t\t<\/div>\n\t\t\t\t<\/div>\n\t\t\t\t\t<\/div>\n\t\t<\/div>\n\t\t\t\t\t<\/div>\n\t\t<\/section>\n\t\t\t\t<section class=\"elementor-section elementor-top-section elementor-element elementor-element-8cb9eb8 elementor-section-boxed elementor-section-height-default elementor-section-height-default\" data-id=\"8cb9eb8\" data-element_type=\"section\">\n\t\t\t\t\t\t<div class=\"elementor-container elementor-column-gap-default\">\n\t\t\t\t\t<div class=\"elementor-column elementor-col-100 elementor-top-column elementor-element elementor-element-0cd2b5d\" data-id=\"0cd2b5d\" data-element_type=\"column\">\n\t\t\t<div class=\"elementor-widget-wrap elementor-element-populated\">\n\t\t\t\t\t\t<div class=\"elementor-element elementor-element-7969e3f elementor-widget elementor-widget-heading\" data-id=\"7969e3f\" data-element_type=\"widget\" data-widget_type=\"heading.default\">\n\t\t\t\t<div class=\"elementor-widget-container\">\n\t\t\t\t\t<h2 class=\"elementor-heading-title elementor-size-default\">Ortsteil Wohlde<\/h2>\t\t\t\t<\/div>\n\t\t\t\t<\/div>\n\t\t\t\t\t<\/div>\n\t\t<\/div>\n\t\t\t\t\t<\/div>\n\t\t<\/section>\n\t\t\t\t<section class=\"elementor-section elementor-top-section elementor-element elementor-element-444fee8 elementor-section-boxed elementor-section-height-default elementor-section-height-default\" data-id=\"444fee8\" data-element_type=\"section\">\n\t\t\t\t\t\t<div class=\"elementor-container elementor-column-gap-default\">\n\t\t\t\t\t<div class=\"elementor-column elementor-col-100 elementor-top-column elementor-element elementor-element-37f9bc6\" data-id=\"37f9bc6\" data-element_type=\"column\">\n\t\t\t<div class=\"elementor-widget-wrap elementor-element-populated\">\n\t\t\t\t\t\t<div class=\"elementor-element elementor-element-0b08eaf elementor-widget elementor-widget-text-editor\" data-id=\"0b08eaf\" data-element_type=\"widget\" data-widget_type=\"text-editor.default\">\n\t\t\t\t<div class=\"elementor-widget-container\">\n\t\t\t\t\t\t\t\t\t<p>Ein Hermannus de Wolde wird in einer Urkunde 1278 erstmals erw\u00e4hnt, der Ort selbst um 1370 ebenfalls als \u201eWolde\u201c in den Hoyer Lehnsregistern aufgef\u00fchrt.\u00a0<\/p><p>In den Steuerlisten des 17. Jahrhunderts werden die Einwohner von Wohlde, Barjenbruch und Harjehausen gemeinsam als \u201eWoldtleute\u201c gef\u00fchrt. Namensdeutung nach Lutosch: mittelniederdeutsch wold, walt = Hof am\/im Wald.<\/p>\t\t\t\t\t\t\t\t<\/div>\n\t\t\t\t<\/div>\n\t\t\t\t\t<\/div>\n\t\t<\/div>\n\t\t\t\t\t<\/div>\n\t\t<\/section>\n\t\t\t\t<section class=\"elementor-section elementor-top-section elementor-element elementor-element-ee10c07 elementor-section-boxed elementor-section-height-default elementor-section-height-default\" data-id=\"ee10c07\" data-element_type=\"section\">\n\t\t\t\t\t\t<div class=\"elementor-container elementor-column-gap-default\">\n\t\t\t\t\t<div class=\"elementor-column elementor-col-100 elementor-top-column elementor-element elementor-element-b626b47\" data-id=\"b626b47\" data-element_type=\"column\">\n\t\t\t<div class=\"elementor-widget-wrap elementor-element-populated\">\n\t\t\t\t\t\t<div class=\"elementor-element elementor-element-7fb4924 elementor-widget elementor-widget-text-editor\" data-id=\"7fb4924\" data-element_type=\"widget\" data-widget_type=\"text-editor.default\">\n\t\t\t\t<div class=\"elementor-widget-container\">\n\t\t\t\t\t\t\t\t\t<p>(Quelle: Herbert BOCK(2016): Begehrt und umstritten. Der mittlere Hunteraum vom 13. Bis zum 17. Jahrhundert.)<\/p>\t\t\t\t\t\t\t\t<\/div>\n\t\t\t\t<\/div>\n\t\t\t\t\t<\/div>\n\t\t<\/div>\n\t\t\t\t\t<\/div>\n\t\t<\/section>\n\t\t\t\t<section class=\"elementor-section elementor-top-section elementor-element elementor-element-7b85b0f elementor-section-boxed elementor-section-height-default elementor-section-height-default\" data-id=\"7b85b0f\" data-element_type=\"section\">\n\t\t\t\t\t\t<div class=\"elementor-container elementor-column-gap-default\">\n\t\t\t\t\t<div class=\"elementor-column elementor-col-100 elementor-top-column elementor-element elementor-element-dc7860e\" data-id=\"dc7860e\" data-element_type=\"column\">\n\t\t\t<div class=\"elementor-widget-wrap elementor-element-populated\">\n\t\t\t\t\t\t<div class=\"elementor-element elementor-element-fafa2cb elementor-widget elementor-widget-heading\" data-id=\"fafa2cb\" data-element_type=\"widget\" data-widget_type=\"heading.default\">\n\t\t\t\t<div class=\"elementor-widget-container\">\n\t\t\t\t\t<h2 class=\"elementor-heading-title elementor-size-default\">J\u00fcngere Geschichte<\/h2>\t\t\t\t<\/div>\n\t\t\t\t<\/div>\n\t\t\t\t\t<\/div>\n\t\t<\/div>\n\t\t\t\t\t<\/div>\n\t\t<\/section>\n\t\t\t\t<section class=\"elementor-section elementor-top-section elementor-element elementor-element-c2c632f elementor-section-boxed elementor-section-height-default elementor-section-height-default\" data-id=\"c2c632f\" data-element_type=\"section\">\n\t\t\t\t\t\t<div class=\"elementor-container elementor-column-gap-default\">\n\t\t\t\t\t<div class=\"elementor-column elementor-col-100 elementor-top-column elementor-element elementor-element-8c5f09d\" data-id=\"8c5f09d\" data-element_type=\"column\">\n\t\t\t<div class=\"elementor-widget-wrap elementor-element-populated\">\n\t\t\t\t\t\t<div class=\"elementor-element elementor-element-78321e6 elementor-widget elementor-widget-text-editor\" data-id=\"78321e6\" data-element_type=\"widget\" data-widget_type=\"text-editor.default\">\n\t\t\t\t<div class=\"elementor-widget-container\">\n\t\t\t\t\t\t\t\t\t<p>In der Nachkriegszeit bestand die heutige Gemeinde Winkelsett aus zwei eigenst\u00e4ndigen Gemeinden, Der Gemeinde Winkelsett und der Gemeinde Reckum.\u00a0<\/p><p>Die beiden Gemeinden geh\u00f6rten dem Landkreis \u201eKreisgrafschaft Hoya\u201c mit dem Verwaltungssitz in Syke an. In der Zeit ab 1965 verfolgte die Landesregierung das Ziel die Anzahl der Gemeinden im Land deutlich zu reduzieren. In der Folge kam es zur Bildung der Samtgemeinde Harpstedt.<\/p><p>\u00a0Mit Wirkung vom 01.01.1971 trat die Gemeinde Reckum der Samtgemeinde bei. 1974 kam es auf Vorschlag der Landesregierung zu einer Eingliederung der Gemeinde Reckum in die Gemeinde Winkelsett. Gleichzeitig trat die Gemeinde Winkelsett auch der Samtgemeinde Harpstedt bei.\u00a0Das Gesetz zur Neugliederung der Gemeinden trat am 01.03.1974 in Kraft. Damit wurde die Samtgemeinde in ihrer jetzigen Form aus der Taufe gehoben.\u00a0<\/p><p>Die Mitgliedsgemeinden innerhalb der Samtgemeinde blieben zwar rechtlich selbst\u00e4ndig, Umfang und Zuschnitt der Aufgaben, die ihnen zur Erledigung verbleiben, werden jedoch begrenzt. Zu den bereits bisher der Samtgemeinde obliegenden Verwaltungsaufgaben und Kassengesch\u00e4ften wird nun ein wesentlicher Teil der Aufgaben des so genannten eigenen Wirkungskreises der Gemeinden auf die Samtgemeinde \u00fcbertragen. Dazu geh\u00f6ren die Aufstellung eines einheitlichen Fl\u00e4chennutzungsplanes, die Tr\u00e4gschaft der \u00f6ffentlichen Schulen und der \u00f6ffentlichen Kinderg\u00e4rten, das B\u00fcchereiwesen, die Erwachsenenbildung, die Errichtung und Unterhaltung der mehrerer Mitgliedsgemeinden dienenden Sportst\u00e4tten, der Gesundheitseinrichtungen, die Altenbetreuung ebenso die Wasserbeschaffung und Abwasser- und Abfallbeseitigung.\u00a0<\/p><p>Im Zuge der Privatisierung kommunaler Aufgaben sind einige Aufgaben inzwischen an private Gesellschaften abgegeben worden. Durch den Fortbestand der Mitgliedsgemeinden sind die Chancen der B\u00fcrger, in den ehrenamtlichen Gremien auf gemeindlicher Basis, an der verantwortlichen Gestaltung der \u00f6rtlichen Gemeinschaft mitzuwirken, in sehr viel st\u00e4rkerem Ma\u00dfe als in den Einheitsgemeinden erhalten geblieben.\u00a0<\/p><p>Bei der Kreisreform Niedersachsen wurde der ausreichend gro\u00dfe und von der Einwohnerzahl gen\u00fcgende Landkreis Grafschaft Hoya trotz gro\u00dfer Proteste aufgel\u00f6st. Die Samtgemeinde Harpstedt kam mit ihren acht Mitgliedsgemeinden am 01.11.1977 zum Landkreis Oldenburg (Oldenburg). 1988 wurde dann der Sitz der Kreisverwaltung nach Wildeshausen verlegt. 1993 wurde der Landkreis in Landkreis Oldenburg umbenannt.<\/p><p>(Quelle G\u00fcnter KASTENDIEK (2022): Die Samtgemeinde einst und jetzt.)<\/p>\t\t\t\t\t\t\t\t<\/div>\n\t\t\t\t<\/div>\n\t\t\t\t\t<\/div>\n\t\t<\/div>\n\t\t\t\t\t<\/div>\n\t\t<\/section>\n\t\t\t\t<\/div>\n\t\t","protected":false},"excerpt":{"rendered":"<p>Geschichte der Gemeinde Winkelsett Nach BOCK (2016) sind die Gemarkungen bereits in vorgeschichtlicher Zeit besiedelt worden, darauf deuten die h\u00e4ufigen H\u00fcgelgr\u00e4ber hin, wobei daraus nicht auf eine Siedlungskontinuit\u00e4t geschlossen werden kann. Andere Orte stammen aus dem alts\u00e4chsischen Siedlungsperioden. In etlichen F\u00e4llen haben sich aus Einzelh\u00f6fen im Laufe der Zeit, vor allem w\u00e4hrend der fr\u00fchmittelalterlichen Rodungskolonisation, [&hellip;]<\/p>\n","protected":false},"author":1,"featured_media":0,"parent":0,"menu_order":0,"comment_status":"closed","ping_status":"closed","template":"","meta":{"footnotes":""},"class_list":["post-400","page","type-page","status-publish","hentry"],"aioseo_notices":[],"_links":{"self":[{"href":"https:\/\/winkelsett.de\/index.php?rest_route=\/wp\/v2\/pages\/400","targetHints":{"allow":["GET"]}}],"collection":[{"href":"https:\/\/winkelsett.de\/index.php?rest_route=\/wp\/v2\/pages"}],"about":[{"href":"https:\/\/winkelsett.de\/index.php?rest_route=\/wp\/v2\/types\/page"}],"author":[{"embeddable":true,"href":"https:\/\/winkelsett.de\/index.php?rest_route=\/wp\/v2\/users\/1"}],"replies":[{"embeddable":true,"href":"https:\/\/winkelsett.de\/index.php?rest_route=%2Fwp%2Fv2%2Fcomments&post=400"}],"version-history":[{"count":0,"href":"https:\/\/winkelsett.de\/index.php?rest_route=\/wp\/v2\/pages\/400\/revisions"}],"wp:attachment":[{"href":"https:\/\/winkelsett.de\/index.php?rest_route=%2Fwp%2Fv2%2Fmedia&parent=400"}],"curies":[{"name":"wp","href":"https:\/\/api.w.org\/{rel}","templated":true}]}}